{"id":19559,"date":"2025-12-11T12:09:00","date_gmt":"2025-12-11T11:09:00","guid":{"rendered":"https:\/\/viuhi.com\/?post_type=property&#038;p=19559"},"modified":"2026-02-02T12:27:39","modified_gmt":"2026-02-02T11:27:39","slug":"piso-pare-claret-montgat-2","status":"publish","type":"property","link":"https:\/\/viuhi.com\/es\/propietat\/piso-pare-claret-montgat-2\/","title":{"rendered":"Piso Pare Claret &#8211; Montgat"},"content":{"rendered":"\n<p><strong>Piso reformado en Montgat \u2013 Zona Pare Claret<\/strong><\/p>\n\n\n\n<p>Desde VIUHI presentamos este piso de 67 m\u00b2, situado en Montgat, en la zona de Pare Claret, muy cerca de la estaci\u00f3n de tren y de la Riera Sant Jordi, con todos los servicios a pie.<\/p>\n\n\n\n<p>La vivienda es un segundo piso sin ascensor, en una finca del a\u00f1o 1954, pero se encuentra totalmente reformada recientemente, lista para entrar a vivir.<\/p>\n\n\n\n<p><strong>Distribuci\u00f3n<\/strong><\/p>\n\n\n\n<p>\u2022 Sal\u00f3n-comedor luminoso, con salida a una galer\u00eda\/balc\u00f3n cubierto, muy pr\u00e1ctico<br>\u2022 2 habitaciones<br>\u2022 1 ba\u00f1o completo<br>\u2022 Distribuci\u00f3n c\u00f3moda y funcional<\/p>\n\n\n\n<p>Un piso ideal para quien busque una buena ubicaci\u00f3n, tranquilidad y una vivienda reformada, cerca del transporte p\u00fablico y con f\u00e1cil conexi\u00f3n con Barcelona.<\/p>\n\n\n\n<p>\ud83d\udcde Contacta con nosotros para m\u00e1s informaci\u00f3n o para concertar una visita.<br><strong>VIUHI \u2014 la casa que quieres empieza aqu\u00ed.<\/strong><\/p>\n\n\n\n<p>*Impuestos y gastos registrales\/notariales no incluidos en el precio.<\/p>\n","protected":false},"excerpt":{"rendered":"<p>Piso reformado en Montgat \u2013 Zona Pare Claret Desde VIUHI presentamos este piso de 67 m\u00b2, situado en Montgat, en la zona de Pare Claret, muy cerca de la estaci\u00f3n de tren y de la Riera Sant Jordi, con todos los servicios a pie. La vivienda es un segundo piso sin ascensor, en una finca [&hellip;]<\/p>\n","protected":false},"author":3,"featured_media":19409,"parent":0,"menu_order":0,"template":"","property_type":[97,151],"property_status":[155],"property_feature":[156,158,163,141,108],"property_label":[175],"property_city":[45,94,191],"class_list":["post-19559","property","type-property","status-publish","has-post-thumbnail","hentry","property_type-casa","property_type-piso","property_status-venda","property_feature-aire-acondicionado","property_feature-calefaccion","property_feature-jardin-comunitario","property_feature-parquing","property_feature-piscina-comunitaria","property_label-reservada","property_city-montgat","property_city-tiana"],"property_meta":{"houzez_featured_listing_date":[""],"_top_nav_excluded":[""],"_cms_nav_minihome":[""],"fave_property_price":["240000"],"fave_property_size":["67"],"fave_property_size_prefix":["m2"],"fave_property_land":["240.000"],"fave_property_bathrooms":["2"],"fave_property_rooms":["2"],"fave_property_year":["1954"],"fave_property_id":["PV_MONTGAT_P.CLARET"],"fave_property_map":["1"],"fave_property_map_address":["Montgat, Maresme, Barcelona, Catalunya, 08390, Espanya"],"fave_property_location":["41.464649582103,2.2684274688453,17"],"houzez_geolocation_lat":["41.464649582103","41.464649582103","41.464649582103"],"houzez_geolocation_long":["2.2684274688453","2.2684274688453","2.2684274688453"],"fave_property_map_street_view":["show"],"fave_property_zip":["08390"],"additional_features":["a:6:{i:0;a:2:{s:29:\"fave_additional_feature_title\";s:6:\"Estado\";s:29:\"fave_additional_feature_value\";s:26:\"Segunda mano \/ buen estado\";}i:1;a:2:{s:29:\"fave_additional_feature_title\";s:12:\"Orientaci\u00f3n\";s:29:\"fave_additional_feature_value\";s:11:\"Norte, este\";}i:2;a:2:{s:29:\"fave_additional_feature_title\";s:23:\"Calefacci\u00f3n individual\";s:29:\"fave_additional_feature_value\";s:12:\"Electricidad\";}i:3;a:2:{s:29:\"fave_additional_feature_title\";s:6:\"Planta\";s:29:\"fave_additional_feature_value\";s:2:\"2a\";}i:4;a:2:{s:29:\"fave_additional_feature_title\";s:8:\"Ascensor\";s:29:\"fave_additional_feature_value\";s:2:\"No\";}i:5;a:2:{s:29:\"fave_additional_feature_title\";s:8:\"Trastero\";s:29:\"fave_additional_feature_value\";s:3:\"S\u00ed\";}}"],"_last_translation_edit_mode":["native-editor"],"_wpml_word_count":["157"],"_thumbnail_id":["19409"],"fave_show_price_placeholder":["0"],"fave_single_content_area":["global"],"sib_push_meta_box_present":["1"],"sib_push_send_notification":["0"],"sib_push_send_notification_delay_seconds":[null],"sib_push_target_tags":[null],"sib_push_target_segment_ids":["@ALL"],"sib_push_target_brevo_segment_ids":[null],"sib_push_target_brevo_list_ids":[null],"sib_push_utm_source":[null],"sib_push_utm_medium":[null],"sib_push_utm_campaign":[null],"sib_push_utm_term":[null],"sib_push_utm_content":[null],"cmplz_hide_cookiebanner":[""],"houzez_manual_expire":["0"],"_houzez_expiration_date_status":["saved"],"fave_payment_status":["not_paid"],"fave_featured":["0"],"fave_agent_display_option":["agent_info"],"fave_agents":["150"],"fave_property_agency":["2792"],"fave_single_top_area":["global"],"_yoast_wpseo_primary_property_type":["151"],"_yoast_wpseo_primary_property_status":["155"],"_yoast_wpseo_primary_property_feature":["158"],"_yoast_wpseo_primary_property_label":[""],"_yoast_wpseo_primary_property_city":["186"],"_yoast_wpseo_content_score":["90"],"_yoast_wpseo_estimated-reading-time-minutes":["1"],"houzez_total_property_views":["39"],"houzez_views_by_date":["a:32:{s:10:\"12-23-2025\";i:1;s:10:\"01-02-2026\";i:2;s:10:\"01-08-2026\";i:1;s:10:\"01-09-2026\";i:1;s:10:\"01-11-2026\";i:1;s:10:\"01-12-2026\";i:1;s:10:\"01-19-2026\";i:1;s:10:\"01-20-2026\";i:1;s:10:\"01-22-2026\";i:1;s:10:\"01-29-2026\";i:1;s:10:\"02-02-2026\";i:1;s:10:\"02-03-2026\";i:1;s:10:\"02-12-2026\";i:2;s:10:\"02-19-2026\";i:1;s:10:\"02-27-2026\";i:2;s:10:\"03-01-2026\";i:1;s:10:\"03-02-2026\";i:1;s:10:\"03-06-2026\";i:1;s:10:\"03-07-2026\";i:1;s:10:\"03-14-2026\";i:1;s:10:\"03-18-2026\";i:1;s:10:\"03-19-2026\";i:3;s:10:\"03-20-2026\";i:1;s:10:\"03-24-2026\";i:1;s:10:\"03-31-2026\";i:1;s:10:\"04-08-2026\";i:1;s:10:\"04-09-2026\";i:1;s:10:\"04-13-2026\";i:2;s:10:\"04-14-2026\";i:2;s:10:\"04-22-2026\";i:1;s:10:\"04-27-2026\";i:1;s:10:\"04-28-2026\";i:1;}"],"houzez_recently_viewed":["2026-04-28 18:28:29"],"_dp_original":["19539"],"fave_property_images":["19565","19566","19567","19568","19569","19570"],"_elementor_page_assets":["a:0:{}"]},"yoast_head":"<!-- This site is optimized with the Yoast SEO plugin v26.6 - https:\/\/yoast.com\/wordpress\/plugins\/seo\/ -->\n<title>Piso Pare Claret - Montgat - VIUHI<\/title>\n<meta name=\"robots\" content=\"index, follow, max-snippet:-1, max-image-preview:large, max-video-preview:-1\" \/>\n<link rel=\"canonical\" href=\"https:\/\/viuhi.com\/es\/propietat\/piso-pare-claret-montgat-2\/\" \/>\n<meta property=\"og:locale\" content=\"es_ES\" \/>\n<meta property=\"og:type\" content=\"article\" \/>\n<meta property=\"og:title\" content=\"Piso Pare Claret - Montgat - VIUHI\" \/>\n<meta property=\"og:description\" content=\"Piso reformado en Montgat \u2013 Zona Pare Claret Desde VIUHI presentamos este piso de 67 m\u00b2, situado en Montgat, en la zona de Pare Claret, muy cerca de la estaci\u00f3n de tren y de la Riera Sant Jordi, con todos los servicios a pie. La vivienda es un segundo piso sin ascensor, en una finca [&hellip;]\" \/>\n<meta property=\"og:url\" content=\"https:\/\/viuhi.com\/es\/propietat\/piso-pare-claret-montgat-2\/\" \/>\n<meta property=\"og:site_name\" content=\"VIUHI\" \/>\n<meta property=\"article:publisher\" content=\"https:\/\/www.facebook.com\/p\/VIUHI-Gesti-Immobiliria-100093374780879\/\" \/>\n<meta property=\"article:modified_time\" content=\"2026-02-02T11:27:39+00:00\" \/>\n<meta property=\"og:image\" content=\"https:\/\/viuhi.com\/wp-content\/uploads\/2025\/12\/16-2.jpg\" \/>\n\t<meta property=\"og:image:width\" content=\"1024\" \/>\n\t<meta property=\"og:image:height\" content=\"768\" \/>\n\t<meta property=\"og:image:type\" content=\"image\/jpeg\" \/>\n<meta name=\"twitter:card\" content=\"summary_large_image\" \/>\n<meta name=\"twitter:label1\" content=\"Tiempo de lectura\" \/>\n\t<meta name=\"twitter:data1\" content=\"1 minuto\" \/>\n<script type=\"application\/ld+json\" class=\"yoast-schema-graph\">{\"@context\":\"https:\/\/schema.org\",\"@graph\":[{\"@type\":\"WebPage\",\"@id\":\"https:\/\/viuhi.com\/es\/propietat\/piso-pare-claret-montgat-2\/\",\"url\":\"https:\/\/viuhi.com\/es\/propietat\/piso-pare-claret-montgat-2\/\",\"name\":\"Piso Pare Claret - Montgat - VIUHI\",\"isPartOf\":{\"@id\":\"https:\/\/viuhi.com\/#website\"},\"primaryImageOfPage\":{\"@id\":\"https:\/\/viuhi.com\/es\/propietat\/piso-pare-claret-montgat-2\/#primaryimage\"},\"image\":{\"@id\":\"https:\/\/viuhi.com\/es\/propietat\/piso-pare-claret-montgat-2\/#primaryimage\"},\"thumbnailUrl\":\"https:\/\/viuhi.com\/wp-content\/uploads\/2025\/12\/16-2.jpg\",\"datePublished\":\"2025-12-11T11:09:00+00:00\",\"dateModified\":\"2026-02-02T11:27:39+00:00\",\"breadcrumb\":{\"@id\":\"https:\/\/viuhi.com\/es\/propietat\/piso-pare-claret-montgat-2\/#breadcrumb\"},\"inLanguage\":\"es\",\"potentialAction\":[{\"@type\":\"ReadAction\",\"target\":[\"https:\/\/viuhi.com\/es\/propietat\/piso-pare-claret-montgat-2\/\"]}]},{\"@type\":\"ImageObject\",\"inLanguage\":\"es\",\"@id\":\"https:\/\/viuhi.com\/es\/propietat\/piso-pare-claret-montgat-2\/#primaryimage\",\"url\":\"https:\/\/viuhi.com\/wp-content\/uploads\/2025\/12\/16-2.jpg\",\"contentUrl\":\"https:\/\/viuhi.com\/wp-content\/uploads\/2025\/12\/16-2.jpg\",\"width\":1024,\"height\":768},{\"@type\":\"BreadcrumbList\",\"@id\":\"https:\/\/viuhi.com\/es\/propietat\/piso-pare-claret-montgat-2\/#breadcrumb\",\"itemListElement\":[{\"@type\":\"ListItem\",\"position\":1,\"name\":\"Inici\",\"item\":\"https:\/\/viuhi.com\/\"},{\"@type\":\"ListItem\",\"position\":2,\"name\":\"Properties\",\"item\":\"https:\/\/viuhi.com\/propietat\/\"},{\"@type\":\"ListItem\",\"position\":3,\"name\":\"Piso Pare Claret &#8211; Montgat\"}]},{\"@type\":\"WebSite\",\"@id\":\"https:\/\/viuhi.com\/#website\",\"url\":\"https:\/\/viuhi.com\/\",\"name\":\"VIUHI\",\"description\":\"La immobili\u00e0ria de confian\u00e7a\",\"publisher\":{\"@id\":\"https:\/\/viuhi.com\/#organization\"},\"alternateName\":\"Viu-hi\",\"potentialAction\":[{\"@type\":\"SearchAction\",\"target\":{\"@type\":\"EntryPoint\",\"urlTemplate\":\"https:\/\/viuhi.com\/?s={search_term_string}\"},\"query-input\":{\"@type\":\"PropertyValueSpecification\",\"valueRequired\":true,\"valueName\":\"search_term_string\"}}],\"inLanguage\":\"es\"},{\"@type\":\"Organization\",\"@id\":\"https:\/\/viuhi.com\/#organization\",\"name\":\"VIUHI\",\"alternateName\":\"Viu-hi\",\"url\":\"https:\/\/viuhi.com\/\",\"logo\":{\"@type\":\"ImageObject\",\"inLanguage\":\"es\",\"@id\":\"https:\/\/viuhi.com\/#\/schema\/logo\/image\/\",\"url\":\"https:\/\/viuhi.com\/wp-content\/uploads\/2025\/09\/logo-mobile.png\",\"contentUrl\":\"https:\/\/viuhi.com\/wp-content\/uploads\/2025\/09\/logo-mobile.png\",\"width\":187,\"height\":50,\"caption\":\"VIUHI\"},\"image\":{\"@id\":\"https:\/\/viuhi.com\/#\/schema\/logo\/image\/\"},\"sameAs\":[\"https:\/\/www.facebook.com\/p\/VIUHI-Gesti-Immobiliria-100093374780879\/\",\"https:\/\/www.instagram.com\/viuhi_\/\",\"https:\/\/www.youtube.com\/@VIUHI\"]}]}<\/script>\n<!-- \/ Yoast SEO plugin. -->","yoast_head_json":{"title":"Piso Pare Claret - Montgat - VIUHI","robots":{"index":"index","follow":"follow","max-snippet":"max-snippet:-1","max-image-preview":"max-image-preview:large","max-video-preview":"max-video-preview:-1"},"canonical":"https:\/\/viuhi.com\/es\/propietat\/piso-pare-claret-montgat-2\/","og_locale":"es_ES","og_type":"article","og_title":"Piso Pare Claret - Montgat - VIUHI","og_description":"Piso reformado en Montgat \u2013 Zona Pare Claret Desde VIUHI presentamos este piso de 67 m\u00b2, situado en Montgat, en la zona de Pare Claret, muy cerca de la estaci\u00f3n de tren y de la Riera Sant Jordi, con todos los servicios a pie. La vivienda es un segundo piso sin ascensor, en una finca [&hellip;]","og_url":"https:\/\/viuhi.com\/es\/propietat\/piso-pare-claret-montgat-2\/","og_site_name":"VIUHI","article_publisher":"https:\/\/www.facebook.com\/p\/VIUHI-Gesti-Immobiliria-100093374780879\/","article_modified_time":"2026-02-02T11:27:39+00:00","og_image":[{"width":1024,"height":768,"url":"https:\/\/viuhi.com\/wp-content\/uploads\/2025\/12\/16-2.jpg","type":"image\/jpeg"}],"twitter_card":"summary_large_image","twitter_misc":{"Tiempo de lectura":"1 minuto"},"schema":{"@context":"https:\/\/schema.org","@graph":[{"@type":"WebPage","@id":"https:\/\/viuhi.com\/es\/propietat\/piso-pare-claret-montgat-2\/","url":"https:\/\/viuhi.com\/es\/propietat\/piso-pare-claret-montgat-2\/","name":"Piso Pare Claret - Montgat - VIUHI","isPartOf":{"@id":"https:\/\/viuhi.com\/#website"},"primaryImageOfPage":{"@id":"https:\/\/viuhi.com\/es\/propietat\/piso-pare-claret-montgat-2\/#primaryimage"},"image":{"@id":"https:\/\/viuhi.com\/es\/propietat\/piso-pare-claret-montgat-2\/#primaryimage"},"thumbnailUrl":"https:\/\/viuhi.com\/wp-content\/uploads\/2025\/12\/16-2.jpg","datePublished":"2025-12-11T11:09:00+00:00","dateModified":"2026-02-02T11:27:39+00:00","breadcrumb":{"@id":"https:\/\/viuhi.com\/es\/propietat\/piso-pare-claret-montgat-2\/#breadcrumb"},"inLanguage":"es","potentialAction":[{"@type":"ReadAction","target":["https:\/\/viuhi.com\/es\/propietat\/piso-pare-claret-montgat-2\/"]}]},{"@type":"ImageObject","inLanguage":"es","@id":"https:\/\/viuhi.com\/es\/propietat\/piso-pare-claret-montgat-2\/#primaryimage","url":"https:\/\/viuhi.com\/wp-content\/uploads\/2025\/12\/16-2.jpg","contentUrl":"https:\/\/viuhi.com\/wp-content\/uploads\/2025\/12\/16-2.jpg","width":1024,"height":768},{"@type":"BreadcrumbList","@id":"https:\/\/viuhi.com\/es\/propietat\/piso-pare-claret-montgat-2\/#breadcrumb","itemListElement":[{"@type":"ListItem","position":1,"name":"Inici","item":"https:\/\/viuhi.com\/"},{"@type":"ListItem","position":2,"name":"Properties","item":"https:\/\/viuhi.com\/propietat\/"},{"@type":"ListItem","position":3,"name":"Piso Pare Claret &#8211; Montgat"}]},{"@type":"WebSite","@id":"https:\/\/viuhi.com\/#website","url":"https:\/\/viuhi.com\/","name":"VIUHI","description":"La immobili\u00e0ria de confian\u00e7a","publisher":{"@id":"https:\/\/viuhi.com\/#organization"},"alternateName":"Viu-hi","potentialAction":[{"@type":"SearchAction","target":{"@type":"EntryPoint","urlTemplate":"https:\/\/viuhi.com\/?s={search_term_string}"},"query-input":{"@type":"PropertyValueSpecification","valueRequired":true,"valueName":"search_term_string"}}],"inLanguage":"es"},{"@type":"Organization","@id":"https:\/\/viuhi.com\/#organization","name":"VIUHI","alternateName":"Viu-hi","url":"https:\/\/viuhi.com\/","logo":{"@type":"ImageObject","inLanguage":"es","@id":"https:\/\/viuhi.com\/#\/schema\/logo\/image\/","url":"https:\/\/viuhi.com\/wp-content\/uploads\/2025\/09\/logo-mobile.png","contentUrl":"https:\/\/viuhi.com\/wp-content\/uploads\/2025\/09\/logo-mobile.png","width":187,"height":50,"caption":"VIUHI"},"image":{"@id":"https:\/\/viuhi.com\/#\/schema\/logo\/image\/"},"sameAs":["https:\/\/www.facebook.com\/p\/VIUHI-Gesti-Immobiliria-100093374780879\/","https:\/\/www.instagram.com\/viuhi_\/","https:\/\/www.youtube.com\/@VIUHI"]}]}},"_links":{"self":[{"href":"https:\/\/viuhi.com\/es\/wp-json\/wp\/v2\/properties\/19559","targetHints":{"allow":["GET"]}}],"collection":[{"href":"https:\/\/viuhi.com\/es\/wp-json\/wp\/v2\/properties"}],"about":[{"href":"https:\/\/viuhi.com\/es\/wp-json\/wp\/v2\/types\/property"}],"author":[{"embeddable":true,"href":"https:\/\/viuhi.com\/es\/wp-json\/wp\/v2\/users\/3"}],"version-history":[{"count":1,"href":"https:\/\/viuhi.com\/es\/wp-json\/wp\/v2\/properties\/19559\/revisions"}],"predecessor-version":[{"id":19571,"href":"https:\/\/viuhi.com\/es\/wp-json\/wp\/v2\/properties\/19559\/revisions\/19571"}],"wp:featuredmedia":[{"embeddable":true,"href":"https:\/\/viuhi.com\/es\/wp-json\/wp\/v2\/media\/19409"}],"wp:attachment":[{"href":"https:\/\/viuhi.com\/es\/wp-json\/wp\/v2\/media?parent=19559"}],"wp:term":[{"taxonomy":"property_type","embeddable":true,"href":"https:\/\/viuhi.com\/es\/wp-json\/wp\/v2\/property_type?post=19559"},{"taxonomy":"property_status","embeddable":true,"href":"https:\/\/viuhi.com\/es\/wp-json\/wp\/v2\/property_status?post=19559"},{"taxonomy":"property_feature","embeddable":true,"href":"https:\/\/viuhi.com\/es\/wp-json\/wp\/v2\/property_feature?post=19559"},{"taxonomy":"property_label","embeddable":true,"href":"https:\/\/viuhi.com\/es\/wp-json\/wp\/v2\/property_label?post=19559"},{"taxonomy":"property_city","embeddable":true,"href":"https:\/\/viuhi.com\/es\/wp-json\/wp\/v2\/property_city?post=19559"}],"curies":[{"name":"wp","href":"https:\/\/api.w.org\/{rel}","templated":true}]}}